{"id":1414,"date":"2020-10-27T17:21:30","date_gmt":"2020-10-27T21:21:30","guid":{"rendered":"https:\/\/palafito1326.com\/la-terraza-cafe-lounge-bar-palafitos-castro-chiloe-patagonia-chile\/"},"modified":"2021-03-11T16:47:43","modified_gmt":"2021-03-11T19:47:43","slug":"la-terraza-cafe-lounge-bar-castro","status":"publish","type":"page","link":"https:\/\/palafito1326.com\/pt-br\/la-terraza-cafe-lounge-bar-castro\/","title":{"rendered":"La Terraza | Cafe Lounge Bar"},"content":{"rendered":"\t\t<div data-elementor-type=\"wp-page\" data-elementor-id=\"1414\" class=\"elementor elementor-1414\">\n\t\t\t\t\t\t<section class=\"elementor-section elementor-top-section elementor-element elementor-element-6157a07 elementor-section-boxed elementor-section-height-default elementor-section-height-default\" data-id=\"6157a07\" data-element_type=\"section\" data-e-type=\"section\">\n\t\t\t\t\t\t<div class=\"elementor-container elementor-column-gap-default\">\n\t\t\t\t\t<div class=\"elementor-column elementor-col-100 elementor-top-column elementor-element elementor-element-a5939c0\" data-id=\"a5939c0\" data-element_type=\"column\" data-e-type=\"column\">\n\t\t\t<div class=\"elementor-widget-wrap elementor-element-populated\">\n\t\t\t\t\t\t<div class=\"elementor-element elementor-element-68a3a35 elementor-widget elementor-widget-heading\" data-id=\"68a3a35\" data-element_type=\"widget\" data-e-type=\"widget\" data-widget_type=\"heading.default\">\n\t\t\t\t<div class=\"elementor-widget-container\">\n\t\t\t\t\t<h3 class=\"elementor-heading-title elementor-size-default\">Um Caf\u00e9 nos Pitorescos Palafitos de Castro, Chilo\u00e9<\/h3>\t\t\t\t<\/div>\n\t\t\t\t<\/div>\n\t\t\t\t<div class=\"elementor-element elementor-element-92c70ab elementor-widget elementor-widget-text-editor\" data-id=\"92c70ab\" data-element_type=\"widget\" data-e-type=\"widget\" data-widget_type=\"text-editor.default\">\n\t\t\t\t<div class=\"elementor-widget-container\">\n\t\t\t\t\t\t\t\t\t<p align=\"center\">O Caf\u00e9 Lounge Bar \u201cLa Terraza\u201d tem uma localiza\u00e7\u00e3o excepcional dentro do <strong>Palafito 1326 Boutique Hotel<\/strong>, orgulhamo-nos de criar um ambiente descontra\u00eddo, informal, mas sofisticado e requintado. Quer venha para ficar, ou simplesmente se sinta atra\u00eddo pelos pitorescos <strong>Palafitos de Castro<\/strong>, te convidamos a relaxar nas mesas do p\u00e1tio na esplanada com vista para o mar, acompanhado de uma deliciosa x\u00edcara do nosso caf\u00e9 italiano, ou a dar um mergulho em nosso menu personalizado repleto de sobremesas exclusivas e comida de qualidade, com bons vinhos, cervejas regionais e drinks cl\u00e1ssicos da nossa regi\u00e3o. Nosso chef peruano, movido por encontrar os sabores perfeitos, se encarrega de produzir com suas pr\u00f3prias m\u00e3os todos os insumos necess\u00e1rios para as diferentes refei\u00e7\u00f5es que nosso card\u00e1pio oferece.<\/p>\t\t\t\t\t\t\t\t<\/div>\n\t\t\t\t<\/div>\n\t\t\t\t\t<\/div>\n\t\t<\/div>\n\t\t\t\t\t<\/div>\n\t\t<\/section>\n\t\t\t\t<section class=\"elementor-section elementor-top-section elementor-element elementor-element-16d0519 elementor-section-boxed elementor-section-height-default elementor-section-height-default\" data-id=\"16d0519\" data-element_type=\"section\" data-e-type=\"section\">\n\t\t\t\t\t\t<div class=\"elementor-container elementor-column-gap-default\">\n\t\t\t\t\t<div class=\"elementor-column elementor-col-100 elementor-top-column elementor-element elementor-element-375d7ca\" data-id=\"375d7ca\" data-element_type=\"column\" data-e-type=\"column\">\n\t\t\t<div class=\"elementor-widget-wrap elementor-element-populated\">\n\t\t\t\t\t\t<div class=\"elementor-element elementor-element-a70a0d0 elementor-widget elementor-widget-image-gallery\" data-id=\"a70a0d0\" data-element_type=\"widget\" data-e-type=\"widget\" data-widget_type=\"image-gallery.default\">\n\t\t\t\t<div class=\"elementor-widget-container\">\n\t\t\t\t\t\t\t<div class=\"elementor-image-gallery\">\n\t\t\t<div id='gallery-1' class='gallery galleryid-1414 gallery-columns-3 gallery-size-medium_large'><figure class='gallery-item'>\n\t\t\t<div class='gallery-icon landscape'>\n\t\t\t\t<a data-elementor-open-lightbox=\"yes\" data-elementor-lightbox-slideshow=\"a70a0d0\" data-elementor-lightbox-title=\"Cafeter\u00eda en Castro, Chilo\u00e9\" data-elementor-lightbox-description=\"Castro, Chilo\u00e9, Chile\" data-e-action-hash=\"#elementor-action%3Aaction%3Dlightbox%26settings%3DeyJpZCI6NTU5LCJ1cmwiOiJodHRwczpcL1wvcGFsYWZpdG8xMzI2LmNvbVwvd3AtY29udGVudFwvdXBsb2Fkc1wvMjAyMFwvMTBcL0NhZmV0ZXJpYS1lbi1DYXN0cm8tQ2hpbG9lLTEtZTE2MDM4MzcwNjY3NDQuanBnIiwic2xpZGVzaG93IjoiYTcwYTBkMCJ9\" href='https:\/\/palafito1326.com\/wp-content\/uploads\/2020\/10\/Cafeteria-en-Castro-Chiloe-1-e1603837066744.jpg'><img fetchpriority=\"high\" decoding=\"async\" width=\"768\" height=\"512\" src=\"https:\/\/palafito1326.com\/wp-content\/uploads\/2020\/10\/Cafeteria-en-Castro-Chiloe-1-768x512.jpg\" class=\"attachment-medium_large size-medium_large\" alt=\"Palafito 1326 Hotel Boutique | Castro, Chilo\u00e9, Chile\" srcset=\"https:\/\/palafito1326.com\/wp-content\/uploads\/2020\/10\/Cafeteria-en-Castro-Chiloe-1-768x512.jpg 768w, https:\/\/palafito1326.com\/wp-content\/uploads\/2020\/10\/Cafeteria-en-Castro-Chiloe-1-300x200.jpg 300w, https:\/\/palafito1326.com\/wp-content\/uploads\/2020\/10\/Cafeteria-en-Castro-Chiloe-1-840x560.jpg 840w, https:\/\/palafito1326.com\/wp-content\/uploads\/2020\/10\/Cafeteria-en-Castro-Chiloe-1-600x400.jpg 600w, https:\/\/palafito1326.com\/wp-content\/uploads\/2020\/10\/Cafeteria-en-Castro-Chiloe-1.jpg 960w\" sizes=\"(max-width: 768px) 100vw, 768px\" \/><\/a>\n\t\t\t<\/div><\/figure><figure class='gallery-item'>\n\t\t\t<div class='gallery-icon landscape'>\n\t\t\t\t<a data-elementor-open-lightbox=\"yes\" data-elementor-lightbox-slideshow=\"a70a0d0\" data-elementor-lightbox-title=\"Cafeter\u00eda en Castro Chilo\u00e9\" data-elementor-lightbox-description=\"Castro, Chilo\u00e9, Chile\" data-e-action-hash=\"#elementor-action%3Aaction%3Dlightbox%26settings%3DeyJpZCI6NTU1LCJ1cmwiOiJodHRwczpcL1wvcGFsYWZpdG8xMzI2LmNvbVwvd3AtY29udGVudFwvdXBsb2Fkc1wvMjAyMFwvMTBcL0NhZmV0ZXJpYS1lbi1DYXN0cm8tQ2hpbG9lLWUxNjAzODM3MDQwMjE3LmpwZyIsInNsaWRlc2hvdyI6ImE3MGEwZDAifQ%3D%3D\" href='https:\/\/palafito1326.com\/wp-content\/uploads\/2020\/10\/Cafeteria-en-Castro-Chiloe-e1603837040217.jpg'><img decoding=\"async\" width=\"768\" height=\"512\" src=\"https:\/\/palafito1326.com\/wp-content\/uploads\/2020\/10\/Cafeteria-en-Castro-Chiloe-768x512.jpg\" class=\"attachment-medium_large size-medium_large\" alt=\"Palafito 1326 Hotel Boutique | Castro, Chilo\u00e9, Chile\" srcset=\"https:\/\/palafito1326.com\/wp-content\/uploads\/2020\/10\/Cafeteria-en-Castro-Chiloe-768x512.jpg 768w, https:\/\/palafito1326.com\/wp-content\/uploads\/2020\/10\/Cafeteria-en-Castro-Chiloe-300x200.jpg 300w, https:\/\/palafito1326.com\/wp-content\/uploads\/2020\/10\/Cafeteria-en-Castro-Chiloe-840x560.jpg 840w, https:\/\/palafito1326.com\/wp-content\/uploads\/2020\/10\/Cafeteria-en-Castro-Chiloe-600x400.jpg 600w, https:\/\/palafito1326.com\/wp-content\/uploads\/2020\/10\/Cafeteria-en-Castro-Chiloe.jpg 960w\" sizes=\"(max-width: 768px) 100vw, 768px\" \/><\/a>\n\t\t\t<\/div><\/figure><figure class='gallery-item'>\n\t\t\t<div class='gallery-icon landscape'>\n\t\t\t\t<a data-elementor-open-lightbox=\"yes\" data-elementor-lightbox-slideshow=\"a70a0d0\" data-elementor-lightbox-title=\"Cafeter\u00eda de Castro, Chilo\u00e9\" data-elementor-lightbox-description=\"Palafito 1326 Cafeter\u00eda de Castro Chilo\u00e9 Hotel Boutique Chile\" data-e-action-hash=\"#elementor-action%3Aaction%3Dlightbox%26settings%3DeyJpZCI6NTUxLCJ1cmwiOiJodHRwczpcL1wvcGFsYWZpdG8xMzI2LmNvbVwvd3AtY29udGVudFwvdXBsb2Fkc1wvMjAyMFwvMTBcL0NhZmV0ZXJpYS1kZS1DYXN0cm8tQ2hpbG9lLWUxNjAzODM3MDE4NTA0LmpwZyIsInNsaWRlc2hvdyI6ImE3MGEwZDAifQ%3D%3D\" href='https:\/\/palafito1326.com\/wp-content\/uploads\/2020\/10\/Cafeteria-de-Castro-Chiloe-e1603837018504.jpg'><img decoding=\"async\" width=\"768\" height=\"512\" src=\"https:\/\/palafito1326.com\/wp-content\/uploads\/2020\/10\/Cafeteria-de-Castro-Chiloe-768x512.jpg\" class=\"attachment-medium_large size-medium_large\" alt=\"Palafito 1326 Cafeter\u00eda de Castro Chilo\u00e9 Hotel Boutique Chile\" srcset=\"https:\/\/palafito1326.com\/wp-content\/uploads\/2020\/10\/Cafeteria-de-Castro-Chiloe-768x512.jpg 768w, https:\/\/palafito1326.com\/wp-content\/uploads\/2020\/10\/Cafeteria-de-Castro-Chiloe-300x200.jpg 300w, https:\/\/palafito1326.com\/wp-content\/uploads\/2020\/10\/Cafeteria-de-Castro-Chiloe-840x560.jpg 840w, https:\/\/palafito1326.com\/wp-content\/uploads\/2020\/10\/Cafeteria-de-Castro-Chiloe-600x400.jpg 600w, https:\/\/palafito1326.com\/wp-content\/uploads\/2020\/10\/Cafeteria-de-Castro-Chiloe.jpg 960w\" sizes=\"(max-width: 768px) 100vw, 768px\" \/><\/a>\n\t\t\t<\/div><\/figure>\n\t\t<\/div>\n\t\t<\/div>\n\t\t\t\t\t\t<\/div>\n\t\t\t\t<\/div>\n\t\t\t\t\t<\/div>\n\t\t<\/div>\n\t\t\t\t\t<\/div>\n\t\t<\/section>\n\t\t\t\t<section class=\"elementor-section elementor-top-section elementor-element elementor-element-93938b9 elementor-section-boxed elementor-section-height-default elementor-section-height-default\" data-id=\"93938b9\" data-element_type=\"section\" data-e-type=\"section\">\n\t\t\t\t\t\t<div class=\"elementor-container elementor-column-gap-default\">\n\t\t\t\t\t<div class=\"elementor-column elementor-col-100 elementor-top-column elementor-element elementor-element-53d7995\" data-id=\"53d7995\" data-element_type=\"column\" data-e-type=\"column\">\n\t\t\t<div class=\"elementor-widget-wrap elementor-element-populated\">\n\t\t\t\t\t\t<div class=\"elementor-element elementor-element-10a3d7a elementor-widget elementor-widget-image-gallery\" data-id=\"10a3d7a\" data-element_type=\"widget\" data-e-type=\"widget\" data-widget_type=\"image-gallery.default\">\n\t\t\t\t<div class=\"elementor-widget-container\">\n\t\t\t\t\t\t\t<div class=\"elementor-image-gallery\">\n\t\t\t<div id='gallery-2' class='gallery galleryid-1414 gallery-columns-3 gallery-size-medium_large'><figure class='gallery-item'>\n\t\t\t<div class='gallery-icon landscape'>\n\t\t\t\t<a data-elementor-open-lightbox=\"yes\" data-elementor-lightbox-slideshow=\"10a3d7a\" data-elementor-lightbox-title=\"Cafeter\u00eda La Terraza - Palafitos de Gamboa\" data-elementor-lightbox-description=\"Castro, Chilo\u00e9, Chile\" data-e-action-hash=\"#elementor-action%3Aaction%3Dlightbox%26settings%3DeyJpZCI6NTYzLCJ1cmwiOiJodHRwczpcL1wvcGFsYWZpdG8xMzI2LmNvbVwvd3AtY29udGVudFwvdXBsb2Fkc1wvMjAyMFwvMTBcL0NhZmV0ZXJpYS1MYS1UZXJyYXphLVBhbGFmaXRvcy1kZS1HYW1ib2EtZTE2MDM4MzcyNjY0MTEuanBnIiwic2xpZGVzaG93IjoiMTBhM2Q3YSJ9\" href='https:\/\/palafito1326.com\/wp-content\/uploads\/2020\/10\/Cafeteria-La-Terraza-Palafitos-de-Gamboa-e1603837266411.jpg'><img loading=\"lazy\" decoding=\"async\" width=\"768\" height=\"512\" src=\"https:\/\/palafito1326.com\/wp-content\/uploads\/2020\/10\/Cafeteria-La-Terraza-Palafitos-de-Gamboa-768x512.jpg\" class=\"attachment-medium_large size-medium_large\" alt=\"Palafito 1326 Hotel Boutique | Castro, Chilo\u00e9, Chile\" srcset=\"https:\/\/palafito1326.com\/wp-content\/uploads\/2020\/10\/Cafeteria-La-Terraza-Palafitos-de-Gamboa-768x512.jpg 768w, https:\/\/palafito1326.com\/wp-content\/uploads\/2020\/10\/Cafeteria-La-Terraza-Palafitos-de-Gamboa-300x200.jpg 300w, https:\/\/palafito1326.com\/wp-content\/uploads\/2020\/10\/Cafeteria-La-Terraza-Palafitos-de-Gamboa-840x560.jpg 840w, https:\/\/palafito1326.com\/wp-content\/uploads\/2020\/10\/Cafeteria-La-Terraza-Palafitos-de-Gamboa-600x400.jpg 600w, https:\/\/palafito1326.com\/wp-content\/uploads\/2020\/10\/Cafeteria-La-Terraza-Palafitos-de-Gamboa.jpg 960w\" sizes=\"(max-width: 768px) 100vw, 768px\" \/><\/a>\n\t\t\t<\/div><\/figure><figure class='gallery-item'>\n\t\t\t<div class='gallery-icon landscape'>\n\t\t\t\t<a data-elementor-open-lightbox=\"yes\" data-elementor-lightbox-slideshow=\"10a3d7a\" data-elementor-lightbox-title=\"Cafeter\u00eda La Terraza - Palafitos de Gamboa, Castro\" data-elementor-lightbox-description=\"Castro, Chilo\u00e9, Chile\" data-e-action-hash=\"#elementor-action%3Aaction%3Dlightbox%26settings%3DeyJpZCI6NTcxLCJ1cmwiOiJodHRwczpcL1wvcGFsYWZpdG8xMzI2LmNvbVwvd3AtY29udGVudFwvdXBsb2Fkc1wvMjAyMFwvMTBcL0NhZmV0ZXJpYS1MYS1UZXJyYXphLVBhbGFmaXRvcy1kZS1HYW1ib2EtQ2FzdHJvLWUxNjAzODM3MzE1NTc4LmpwZyIsInNsaWRlc2hvdyI6IjEwYTNkN2EifQ%3D%3D\" href='https:\/\/palafito1326.com\/wp-content\/uploads\/2020\/10\/Cafeteria-La-Terraza-Palafitos-de-Gamboa-Castro-e1603837315578.jpg'><img loading=\"lazy\" decoding=\"async\" width=\"768\" height=\"512\" src=\"https:\/\/palafito1326.com\/wp-content\/uploads\/2020\/10\/Cafeteria-La-Terraza-Palafitos-de-Gamboa-Castro-768x512.jpg\" class=\"attachment-medium_large size-medium_large\" alt=\"Palafito 1326 Hotel Boutique | Castro, Chilo\u00e9, Chile\" srcset=\"https:\/\/palafito1326.com\/wp-content\/uploads\/2020\/10\/Cafeteria-La-Terraza-Palafitos-de-Gamboa-Castro-768x512.jpg 768w, https:\/\/palafito1326.com\/wp-content\/uploads\/2020\/10\/Cafeteria-La-Terraza-Palafitos-de-Gamboa-Castro-300x200.jpg 300w, https:\/\/palafito1326.com\/wp-content\/uploads\/2020\/10\/Cafeteria-La-Terraza-Palafitos-de-Gamboa-Castro-840x560.jpg 840w, https:\/\/palafito1326.com\/wp-content\/uploads\/2020\/10\/Cafeteria-La-Terraza-Palafitos-de-Gamboa-Castro-600x400.jpg 600w, https:\/\/palafito1326.com\/wp-content\/uploads\/2020\/10\/Cafeteria-La-Terraza-Palafitos-de-Gamboa-Castro.jpg 960w\" sizes=\"(max-width: 768px) 100vw, 768px\" \/><\/a>\n\t\t\t<\/div><\/figure><figure class='gallery-item'>\n\t\t\t<div class='gallery-icon landscape'>\n\t\t\t\t<a data-elementor-open-lightbox=\"yes\" data-elementor-lightbox-slideshow=\"10a3d7a\" data-elementor-lightbox-title=\"Cafeter\u00eda La Terraza, Palafitos de Gamboa\" data-elementor-lightbox-description=\"Castro, Chilo\u00e9, Chile\" data-e-action-hash=\"#elementor-action%3Aaction%3Dlightbox%26settings%3DeyJpZCI6NTY3LCJ1cmwiOiJodHRwczpcL1wvcGFsYWZpdG8xMzI2LmNvbVwvd3AtY29udGVudFwvdXBsb2Fkc1wvMjAyMFwvMTBcL0NhZmV0ZXJpYS1MYS1UZXJyYXphLVBhbGFmaXRvcy1kZS1HYW1ib2EtMS1lMTYwMzgzNzI4NzMzNS5qcGciLCJzbGlkZXNob3ciOiIxMGEzZDdhIn0%3D\" href='https:\/\/palafito1326.com\/wp-content\/uploads\/2020\/10\/Cafeteria-La-Terraza-Palafitos-de-Gamboa-1-e1603837287335.jpg'><img loading=\"lazy\" decoding=\"async\" width=\"768\" height=\"512\" src=\"https:\/\/palafito1326.com\/wp-content\/uploads\/2020\/10\/Cafeteria-La-Terraza-Palafitos-de-Gamboa-1-768x512.jpg\" class=\"attachment-medium_large size-medium_large\" alt=\"Palafito 1326 Hotel Boutique | Castro, Chilo\u00e9, Chile\" srcset=\"https:\/\/palafito1326.com\/wp-content\/uploads\/2020\/10\/Cafeteria-La-Terraza-Palafitos-de-Gamboa-1-768x512.jpg 768w, https:\/\/palafito1326.com\/wp-content\/uploads\/2020\/10\/Cafeteria-La-Terraza-Palafitos-de-Gamboa-1-300x200.jpg 300w, https:\/\/palafito1326.com\/wp-content\/uploads\/2020\/10\/Cafeteria-La-Terraza-Palafitos-de-Gamboa-1-840x560.jpg 840w, https:\/\/palafito1326.com\/wp-content\/uploads\/2020\/10\/Cafeteria-La-Terraza-Palafitos-de-Gamboa-1-600x400.jpg 600w, https:\/\/palafito1326.com\/wp-content\/uploads\/2020\/10\/Cafeteria-La-Terraza-Palafitos-de-Gamboa-1.jpg 960w\" sizes=\"(max-width: 768px) 100vw, 768px\" \/><\/a>\n\t\t\t<\/div><\/figure>\n\t\t<\/div>\n\t\t<\/div>\n\t\t\t\t\t\t<\/div>\n\t\t\t\t<\/div>\n\t\t\t\t\t<\/div>\n\t\t<\/div>\n\t\t\t\t\t<\/div>\n\t\t<\/section>\n\t\t\t\t<section class=\"elementor-section elementor-top-section elementor-element elementor-element-640b097 elementor-section-boxed elementor-section-height-default elementor-section-height-default\" data-id=\"640b097\" data-element_type=\"section\" data-e-type=\"section\">\n\t\t\t\t\t\t<div class=\"elementor-container elementor-column-gap-default\">\n\t\t\t\t\t<div class=\"elementor-column elementor-col-100 elementor-top-column elementor-element elementor-element-72c46e6\" data-id=\"72c46e6\" data-element_type=\"column\" data-e-type=\"column\">\n\t\t\t<div class=\"elementor-widget-wrap elementor-element-populated\">\n\t\t\t\t\t\t<div class=\"elementor-element elementor-element-87229d2 elementor-widget elementor-widget-heading\" data-id=\"87229d2\" data-element_type=\"widget\" data-e-type=\"widget\" data-widget_type=\"heading.default\">\n\t\t\t\t<div class=\"elementor-widget-container\">\n\t\t\t\t\t<h3 class=\"elementor-heading-title elementor-size-default\">Lounge Bar Caf\u00e9<\/h3>\t\t\t\t<\/div>\n\t\t\t\t<\/div>\n\t\t\t\t<div class=\"elementor-element elementor-element-15d009c elementor-widget elementor-widget-text-editor\" data-id=\"15d009c\" data-element_type=\"widget\" data-e-type=\"widget\" data-widget_type=\"text-editor.default\">\n\t\t\t\t<div class=\"elementor-widget-container\">\n\t\t\t\t\t\t\t\t\t<p>O <strong>Hotel Palafito 1326<\/strong> convida voc\u00ea a desfrutar do p\u00f4r do sol em seu terra\u00e7o com um t\u00edpico &#8220;pisco sour&#8221;, t\u00e1bua de frios, bolos requintados, sandu\u00edches, cervejas artesanais nativas, vinhos selecionados e muito mais. Oferecemos-lhe um ambiente descontra\u00eddo, onde poder\u00e1 viver uma experi\u00eancia inesquec\u00edvel no cora\u00e7\u00e3o dos <strong>Palafitos de Gamboa<\/strong>, degustando os mais deliciosos bolos que poder\u00e1 encontrar em frente ao mar. La Terraza, com arquitetura moderna dentro dos famosos Palafitos de Gamboa, oferece um ambiente acolhedor com uma vista privilegiada para a <strong>ba\u00eda de Castro<\/strong>, ideal para conversar com amigos ou para uma reuni\u00e3o de neg\u00f3cios. Esperamos compartilhar com voc\u00eas uma experi\u00eancia culin\u00e1ria \u00e0 beira-mar.<\/p>\t\t\t\t\t\t\t\t<\/div>\n\t\t\t\t<\/div>\n\t\t\t\t\t<\/div>\n\t\t<\/div>\n\t\t\t\t\t<\/div>\n\t\t<\/section>\n\t\t\t\t<section class=\"elementor-section elementor-top-section elementor-element elementor-element-2284d1b elementor-section-boxed elementor-section-height-default elementor-section-height-default\" data-id=\"2284d1b\" data-element_type=\"section\" data-e-type=\"section\">\n\t\t\t\t\t\t<div class=\"elementor-container elementor-column-gap-default\">\n\t\t\t\t\t<div class=\"elementor-column elementor-col-100 elementor-top-column elementor-element elementor-element-031301e\" data-id=\"031301e\" data-element_type=\"column\" data-e-type=\"column\">\n\t\t\t<div class=\"elementor-widget-wrap elementor-element-populated\">\n\t\t\t\t\t\t<div class=\"elementor-element elementor-element-a6ac035 elementor-widget elementor-widget-image-gallery\" data-id=\"a6ac035\" data-element_type=\"widget\" data-e-type=\"widget\" data-widget_type=\"image-gallery.default\">\n\t\t\t\t<div class=\"elementor-widget-container\">\n\t\t\t\t\t\t\t<div class=\"elementor-image-gallery\">\n\t\t\t<div id='gallery-3' class='gallery galleryid-1414 gallery-columns-3 gallery-size-medium_large'><figure class='gallery-item'>\n\t\t\t<div class='gallery-icon landscape'>\n\t\t\t\t<a data-elementor-open-lightbox=\"yes\" data-elementor-lightbox-slideshow=\"a6ac035\" data-elementor-lightbox-title=\"Cafeter\u00eda La Terraza, Chilo\u00e9, Castro\" data-elementor-lightbox-description=\"Castro, Chilo\u00e9, Chile\" data-e-action-hash=\"#elementor-action%3Aaction%3Dlightbox%26settings%3DeyJpZCI6NTQ1LCJ1cmwiOiJodHRwczpcL1wvcGFsYWZpdG8xMzI2LmNvbVwvd3AtY29udGVudFwvdXBsb2Fkc1wvMjAyMFwvMTBcL0NhZmV0ZXJpYS1MYS1UZXJyYXphLUNoaWxvZS1DYXN0cm8tZTE2MDM4MzYzNDQxNDQuanBnIiwic2xpZGVzaG93IjoiYTZhYzAzNSJ9\" href='https:\/\/palafito1326.com\/wp-content\/uploads\/2020\/10\/Cafeteria-La-Terraza-Chiloe-Castro-e1603836344144.jpg'><img loading=\"lazy\" decoding=\"async\" width=\"768\" height=\"512\" src=\"https:\/\/palafito1326.com\/wp-content\/uploads\/2020\/10\/Cafeteria-La-Terraza-Chiloe-Castro-768x512.jpg\" class=\"attachment-medium_large size-medium_large\" alt=\"Palafito 1326 Hotel Boutique | Castro, Chilo\u00e9, Chile\" srcset=\"https:\/\/palafito1326.com\/wp-content\/uploads\/2020\/10\/Cafeteria-La-Terraza-Chiloe-Castro-768x512.jpg 768w, https:\/\/palafito1326.com\/wp-content\/uploads\/2020\/10\/Cafeteria-La-Terraza-Chiloe-Castro-300x200.jpg 300w, https:\/\/palafito1326.com\/wp-content\/uploads\/2020\/10\/Cafeteria-La-Terraza-Chiloe-Castro-840x560.jpg 840w, https:\/\/palafito1326.com\/wp-content\/uploads\/2020\/10\/Cafeteria-La-Terraza-Chiloe-Castro-600x400.jpg 600w, https:\/\/palafito1326.com\/wp-content\/uploads\/2020\/10\/Cafeteria-La-Terraza-Chiloe-Castro.jpg 960w\" sizes=\"(max-width: 768px) 100vw, 768px\" \/><\/a>\n\t\t\t<\/div><\/figure><figure class='gallery-item'>\n\t\t\t<div class='gallery-icon landscape'>\n\t\t\t\t<a data-elementor-open-lightbox=\"yes\" data-elementor-lightbox-slideshow=\"a6ac035\" data-elementor-lightbox-title=\"Cafeter\u00eda La Terraza, Castro, Chilo\u00e9\" data-elementor-lightbox-description=\"Castro, Chilo\u00e9, Chile\" data-e-action-hash=\"#elementor-action%3Aaction%3Dlightbox%26settings%3DeyJpZCI6NTM3LCJ1cmwiOiJodHRwczpcL1wvcGFsYWZpdG8xMzI2LmNvbVwvd3AtY29udGVudFwvdXBsb2Fkc1wvMjAyMFwvMTBcL0NhZmV0ZXJpYS1MYS1UZXJyYXphLUNhc3Ryby1DaGlsb2UtZTE2MDM4MzY0MzEyOTYuanBnIiwic2xpZGVzaG93IjoiYTZhYzAzNSJ9\" href='https:\/\/palafito1326.com\/wp-content\/uploads\/2020\/10\/Cafeteria-La-Terraza-Castro-Chiloe-e1603836431296.jpg'><img loading=\"lazy\" decoding=\"async\" width=\"768\" height=\"512\" src=\"https:\/\/palafito1326.com\/wp-content\/uploads\/2020\/10\/Cafeteria-La-Terraza-Castro-Chiloe-768x512.jpg\" class=\"attachment-medium_large size-medium_large\" alt=\"Palafito 1326 Hotel Boutique | Castro, Chilo\u00e9, Chile\" srcset=\"https:\/\/palafito1326.com\/wp-content\/uploads\/2020\/10\/Cafeteria-La-Terraza-Castro-Chiloe-768x512.jpg 768w, https:\/\/palafito1326.com\/wp-content\/uploads\/2020\/10\/Cafeteria-La-Terraza-Castro-Chiloe-300x200.jpg 300w, https:\/\/palafito1326.com\/wp-content\/uploads\/2020\/10\/Cafeteria-La-Terraza-Castro-Chiloe-840x560.jpg 840w, https:\/\/palafito1326.com\/wp-content\/uploads\/2020\/10\/Cafeteria-La-Terraza-Castro-Chiloe-600x400.jpg 600w, https:\/\/palafito1326.com\/wp-content\/uploads\/2020\/10\/Cafeteria-La-Terraza-Castro-Chiloe.jpg 960w\" sizes=\"(max-width: 768px) 100vw, 768px\" \/><\/a>\n\t\t\t<\/div><\/figure><figure class='gallery-item'>\n\t\t\t<div class='gallery-icon landscape'>\n\t\t\t\t<a data-elementor-open-lightbox=\"yes\" data-elementor-lightbox-slideshow=\"a6ac035\" data-elementor-lightbox-title=\"Cafeter\u00eda La Terraza, Chilo\u00e9\" data-elementor-lightbox-description=\"Castro, Chilo\u00e9, Chile\" data-e-action-hash=\"#elementor-action%3Aaction%3Dlightbox%26settings%3DeyJpZCI6NTQxLCJ1cmwiOiJodHRwczpcL1wvcGFsYWZpdG8xMzI2LmNvbVwvd3AtY29udGVudFwvdXBsb2Fkc1wvMjAyMFwvMTBcL0NhZmV0ZXJpYS1MYS1UZXJyYXphLUNoaWxvZS1lMTYwMzgzNjM3NjQwNC5qcGciLCJzbGlkZXNob3ciOiJhNmFjMDM1In0%3D\" href='https:\/\/palafito1326.com\/wp-content\/uploads\/2020\/10\/Cafeteria-La-Terraza-Chiloe-e1603836376404.jpg'><img loading=\"lazy\" decoding=\"async\" width=\"768\" height=\"512\" src=\"https:\/\/palafito1326.com\/wp-content\/uploads\/2020\/10\/Cafeteria-La-Terraza-Chiloe-768x512.jpg\" class=\"attachment-medium_large size-medium_large\" alt=\"Palafito 1326 Hotel Boutique | Castro, Chilo\u00e9, Chile\" srcset=\"https:\/\/palafito1326.com\/wp-content\/uploads\/2020\/10\/Cafeteria-La-Terraza-Chiloe-768x512.jpg 768w, https:\/\/palafito1326.com\/wp-content\/uploads\/2020\/10\/Cafeteria-La-Terraza-Chiloe-300x200.jpg 300w, https:\/\/palafito1326.com\/wp-content\/uploads\/2020\/10\/Cafeteria-La-Terraza-Chiloe-840x560.jpg 840w, https:\/\/palafito1326.com\/wp-content\/uploads\/2020\/10\/Cafeteria-La-Terraza-Chiloe-600x400.jpg 600w, https:\/\/palafito1326.com\/wp-content\/uploads\/2020\/10\/Cafeteria-La-Terraza-Chiloe.jpg 960w\" sizes=\"(max-width: 768px) 100vw, 768px\" \/><\/a>\n\t\t\t<\/div><\/figure>\n\t\t<\/div>\n\t\t<\/div>\n\t\t\t\t\t\t<\/div>\n\t\t\t\t<\/div>\n\t\t\t\t\t<\/div>\n\t\t<\/div>\n\t\t\t\t\t<\/div>\n\t\t<\/section>\n\t\t\t\t<section class=\"elementor-section elementor-top-section elementor-element elementor-element-a754a85 elementor-section-boxed elementor-section-height-default elementor-section-height-default\" data-id=\"a754a85\" data-element_type=\"section\" data-e-type=\"section\">\n\t\t\t\t\t\t<div class=\"elementor-container elementor-column-gap-default\">\n\t\t\t\t\t<div class=\"elementor-column elementor-col-100 elementor-top-column elementor-element elementor-element-e6b521b\" data-id=\"e6b521b\" data-element_type=\"column\" data-e-type=\"column\">\n\t\t\t<div class=\"elementor-widget-wrap elementor-element-populated\">\n\t\t\t\t\t\t<div class=\"elementor-element elementor-element-e8c2715 elementor-widget elementor-widget-heading\" data-id=\"e8c2715\" data-element_type=\"widget\" data-e-type=\"widget\" data-widget_type=\"heading.default\">\n\t\t\t\t<div class=\"elementor-widget-container\">\n\t\t\t\t\t<h3 class=\"elementor-heading-title elementor-size-default\">Men\u00fa<\/h3>\t\t\t\t<\/div>\n\t\t\t\t<\/div>\n\t\t\t\t<div class=\"elementor-element elementor-element-2d2ece4 elementor-widget elementor-widget-text-editor\" data-id=\"2d2ece4\" data-element_type=\"widget\" data-e-type=\"widget\" data-widget_type=\"text-editor.default\">\n\t\t\t\t<div class=\"elementor-widget-container\">\n\t\t\t\t\t\t\t\t\t<p>Nosso objetivo \u00e9 criar um card\u00e1pio que ofere\u00e7a experi\u00eancias \u00fanicas para nossos clientes e convidados. Destacam-se os saborosos e variados tipos de caf\u00e9 italiano, pensados \u200b\u200bpara acompanhar uma deliciosa sobremesa. V\u00e1rios tipos de ch\u00e1s e bules tamb\u00e9m s\u00e3o servidos. <strong>La Terraza Caf\u00e9 Lounge Bar<\/strong>, com belas vistas e um ambiente aconchegante, abastecido com uma variedade de cervejas artesanais locais, e o tradicional Pisco Sour chileno. Tamb\u00e9m oferecemos diversos sandu\u00edches exclusivos preparados na hora, feitos com diversos p\u00e3es caseiros acompanhados de guarni\u00e7\u00f5es, especialmente elaborados para voc\u00ea saborear. Empenhada em fornecer uma vasta gama de vinhos, a nossa carta oferece uma s\u00e9rie de sele\u00e7\u00f5es interessantes, ideais para os amantes do vinho. Recomendamos degust\u00e1-los com alguns petiscos deliciosos.<\/p>\t\t\t\t\t\t\t\t<\/div>\n\t\t\t\t<\/div>\n\t\t\t\t<div class=\"elementor-element elementor-element-1dfecc6 elementor-widget elementor-widget-text-editor\" data-id=\"1dfecc6\" data-element_type=\"widget\" data-e-type=\"widget\" data-widget_type=\"text-editor.default\">\n\t\t\t\t<div class=\"elementor-widget-container\">\n\t\t\t\t\t\t\t\t\t<h1>Cronograma<\/h1><p align=\"center\">Atualmente FECHADO devido ao protocolo de seguran\u00e7a COVID-19.<\/p>\t\t\t\t\t\t\t\t<\/div>\n\t\t\t\t<\/div>\n\t\t\t\t<div class=\"elementor-element elementor-element-3f29f56 elementor-invisible elementor-widget elementor-widget-text-editor\" data-id=\"3f29f56\" data-element_type=\"widget\" data-e-type=\"widget\" data-settings=\"{&quot;_animation&quot;:&quot;fadeIn&quot;}\" data-widget_type=\"text-editor.default\">\n\t\t\t\t<div class=\"elementor-widget-container\">\n\t\t\t\t\t\t\t\t\t<div class=\"header\"><p align=\"center\"><span style=\"font-family: Nunito; font-size: 14pt;\">&#8220;A vida \u00e9 como uma x\u00edcara de caf\u00e9. Tudo est\u00e1 em como voc\u00ea o prepara, mas acima de tudo em como voc\u00ea o bebe&#8221;<\/span><\/p><\/div>\t\t\t\t\t\t\t\t<\/div>\n\t\t\t\t<\/div>\n\t\t\t\t\t<\/div>\n\t\t<\/div>\n\t\t\t\t\t<\/div>\n\t\t<\/section>\n\t\t\t\t<section class=\"elementor-section elementor-top-section elementor-element elementor-element-824a644 elementor-section-full_width elementor-section-height-default elementor-section-height-default\" data-id=\"824a644\" data-element_type=\"section\" data-e-type=\"section\">\n\t\t\t\t\t\t<div class=\"elementor-container elementor-column-gap-default\">\n\t\t\t\t\t<div class=\"elementor-column elementor-col-100 elementor-top-column elementor-element elementor-element-d76f214\" data-id=\"d76f214\" data-element_type=\"column\" data-e-type=\"column\">\n\t\t\t<div class=\"elementor-widget-wrap elementor-element-populated\">\n\t\t\t\t\t\t<div class=\"elementor-element elementor-element-a87bb39 elementor-widget elementor-widget-html\" data-id=\"a87bb39\" data-element_type=\"widget\" data-e-type=\"widget\" data-widget_type=\"html.default\">\n\t\t\t\t<div class=\"elementor-widget-container\">\n\t\t\t\t\t<iframe src=\"https:\/\/www.google.com\/maps\/embed?pb=!1m14!1m8!1m3!1d11769.489607669122!2d-73.7766587381287!3d-42.483634909146566!3m2!1i1024!2i768!4f13.1!3m3!1m2!1s0x0%3A0x96d881384b5167a1!2sPalafito%201326%20Hotel%20Boutique!5e0!3m2!1ses-419!2sni!4v1603833767085!5m2!1ses-419!2sni\" width=\"600\" height=\"450\" frameborder=\"0\" style=\"border:0;\" allowfullscreen=\"\" aria-hidden=\"false\" tabindex=\"0\"><\/iframe>\t\t\t\t<\/div>\n\t\t\t\t<\/div>\n\t\t\t\t\t<\/div>\n\t\t<\/div>\n\t\t\t\t\t<\/div>\n\t\t<\/section>\n\t\t\t\t<\/div>\n\t\t","protected":false},"excerpt":{"rendered":"<p>Um Caf\u00e9 nos Pitorescos Palafitos de Castro, Chilo\u00e9 O Caf\u00e9 Lounge Bar \u201cLa Terraza\u201d tem uma localiza\u00e7\u00e3o excepcional dentro do Palafito 1326 Boutique Hotel, orgulhamo-nos de criar um ambiente descontra\u00eddo, informal, mas sofisticado e requintado. Quer venha para ficar, ou simplesmente se sinta atra\u00eddo pelos pitorescos Palafitos de Castro, te convidamos a relaxar nas mesas &hellip; <a href=\"https:\/\/palafito1326.com\/pt-br\/la-terraza-cafe-lounge-bar-castro\/\" class=\"more-link\">Continue reading<span class=\"screen-reader-text\"> &#8220;La Terraza | Cafe Lounge Bar&#8221;<\/span><\/a><\/p>\n","protected":false},"author":1,"featured_media":528,"parent":0,"menu_order":0,"comment_status":"closed","ping_status":"closed","template":"template-full-width-page.php","meta":{"footnotes":""},"class_list":["post-1414","page","type-page","status-publish","has-post-thumbnail","hentry"],"yoast_head":"<!-- This site is optimized with the Yoast SEO plugin v27.2 - https:\/\/yoast.com\/product\/yoast-seo-wordpress\/ -->\n<title>La Terraza | Cafe Lounge Bar - Palafito 1326<\/title>\n<meta name=\"robots\" content=\"index, follow, max-snippet:-1, max-image-preview:large, max-video-preview:-1\" \/>\n<link rel=\"canonical\" href=\"https:\/\/palafito1326.com\/pt-br\/la-terraza-cafe-lounge-bar-castro\/\" \/>\n<meta property=\"og:locale\" content=\"pt_BR\" \/>\n<meta property=\"og:type\" content=\"article\" \/>\n<meta property=\"og:title\" content=\"La Terraza | Cafe Lounge Bar - Palafito 1326\" \/>\n<meta property=\"og:description\" content=\"Um Caf\u00e9 nos Pitorescos Palafitos de Castro, Chilo\u00e9 O Caf\u00e9 Lounge Bar \u201cLa Terraza\u201d tem uma localiza\u00e7\u00e3o excepcional dentro do Palafito 1326 Boutique Hotel, orgulhamo-nos de criar um ambiente descontra\u00eddo, informal, mas sofisticado e requintado. Quer venha para ficar, ou simplesmente se sinta atra\u00eddo pelos pitorescos Palafitos de Castro, te convidamos a relaxar nas mesas &hellip; Continue reading &quot;La Terraza | Cafe Lounge Bar&quot;\" \/>\n<meta property=\"og:url\" content=\"https:\/\/palafito1326.com\/pt-br\/la-terraza-cafe-lounge-bar-castro\/\" \/>\n<meta property=\"og:site_name\" content=\"Palafito 1326\" \/>\n<meta property=\"article:modified_time\" content=\"2021-03-11T19:47:43+00:00\" \/>\n<meta property=\"og:image\" content=\"https:\/\/palafito1326.com\/wp-content\/uploads\/2020\/10\/laterraza.jpg\" \/>\n\t<meta property=\"og:image:width\" content=\"1440\" \/>\n\t<meta property=\"og:image:height\" content=\"608\" \/>\n\t<meta property=\"og:image:type\" content=\"image\/jpeg\" \/>\n<meta name=\"twitter:card\" content=\"summary_large_image\" \/>\n<meta name=\"twitter:label1\" content=\"Est. tempo de leitura\" \/>\n\t<meta name=\"twitter:data1\" content=\"4 minutos\" \/>\n<script type=\"application\/ld+json\" class=\"yoast-schema-graph\">{\"@context\":\"https:\/\/schema.org\",\"@graph\":[{\"@type\":\"WebPage\",\"@id\":\"https:\/\/palafito1326.com\/pt-br\/la-terraza-cafe-lounge-bar-castro\/\",\"url\":\"https:\/\/palafito1326.com\/pt-br\/la-terraza-cafe-lounge-bar-castro\/\",\"name\":\"La Terraza | Cafe Lounge Bar - Palafito 1326\",\"isPartOf\":{\"@id\":\"https:\/\/palafito1326.com\/pt-br\/#website\"},\"primaryImageOfPage\":{\"@id\":\"https:\/\/palafito1326.com\/pt-br\/la-terraza-cafe-lounge-bar-castro\/#primaryimage\"},\"image\":{\"@id\":\"https:\/\/palafito1326.com\/pt-br\/la-terraza-cafe-lounge-bar-castro\/#primaryimage\"},\"thumbnailUrl\":\"https:\/\/palafito1326.com\/wp-content\/uploads\/2020\/10\/laterraza.jpg\",\"datePublished\":\"2020-10-27T21:21:30+00:00\",\"dateModified\":\"2021-03-11T19:47:43+00:00\",\"breadcrumb\":{\"@id\":\"https:\/\/palafito1326.com\/pt-br\/la-terraza-cafe-lounge-bar-castro\/#breadcrumb\"},\"inLanguage\":\"pt-BR\",\"potentialAction\":[{\"@type\":\"ReadAction\",\"target\":[\"https:\/\/palafito1326.com\/pt-br\/la-terraza-cafe-lounge-bar-castro\/\"]}]},{\"@type\":\"ImageObject\",\"inLanguage\":\"pt-BR\",\"@id\":\"https:\/\/palafito1326.com\/pt-br\/la-terraza-cafe-lounge-bar-castro\/#primaryimage\",\"url\":\"https:\/\/palafito1326.com\/wp-content\/uploads\/2020\/10\/laterraza.jpg\",\"contentUrl\":\"https:\/\/palafito1326.com\/wp-content\/uploads\/2020\/10\/laterraza.jpg\",\"width\":1440,\"height\":608},{\"@type\":\"BreadcrumbList\",\"@id\":\"https:\/\/palafito1326.com\/pt-br\/la-terraza-cafe-lounge-bar-castro\/#breadcrumb\",\"itemListElement\":[{\"@type\":\"ListItem\",\"position\":1,\"name\":\"Portada\",\"item\":\"https:\/\/palafito1326.com\/pt-br\/\"},{\"@type\":\"ListItem\",\"position\":2,\"name\":\"La Terraza | Cafe Lounge Bar\"}]},{\"@type\":\"WebSite\",\"@id\":\"https:\/\/palafito1326.com\/pt-br\/#website\",\"url\":\"https:\/\/palafito1326.com\/pt-br\/\",\"name\":\"Palafito 1326\",\"description\":\"Boutique Hotel\",\"publisher\":{\"@id\":\"https:\/\/palafito1326.com\/pt-br\/#organization\"},\"potentialAction\":[{\"@type\":\"SearchAction\",\"target\":{\"@type\":\"EntryPoint\",\"urlTemplate\":\"https:\/\/palafito1326.com\/pt-br\/?s={search_term_string}\"},\"query-input\":{\"@type\":\"PropertyValueSpecification\",\"valueRequired\":true,\"valueName\":\"search_term_string\"}}],\"inLanguage\":\"pt-BR\"},{\"@type\":\"Organization\",\"@id\":\"https:\/\/palafito1326.com\/pt-br\/#organization\",\"name\":\"Palafito 1326 Hotel Boutique\",\"url\":\"https:\/\/palafito1326.com\/pt-br\/\",\"logo\":{\"@type\":\"ImageObject\",\"inLanguage\":\"pt-BR\",\"@id\":\"https:\/\/palafito1326.com\/pt-br\/#\/schema\/logo\/image\/\",\"url\":\"https:\/\/palafito1326.com\/wp-content\/uploads\/2020\/10\/Palafito-1326-c.svg\",\"contentUrl\":\"https:\/\/palafito1326.com\/wp-content\/uploads\/2020\/10\/Palafito-1326-c.svg\",\"width\":202,\"height\":48,\"caption\":\"Palafito 1326 Hotel Boutique\"},\"image\":{\"@id\":\"https:\/\/palafito1326.com\/pt-br\/#\/schema\/logo\/image\/\"}}]}<\/script>\n<!-- \/ Yoast SEO plugin. -->","yoast_head_json":{"title":"La Terraza | Cafe Lounge Bar - Palafito 1326","robots":{"index":"index","follow":"follow","max-snippet":"max-snippet:-1","max-image-preview":"max-image-preview:large","max-video-preview":"max-video-preview:-1"},"canonical":"https:\/\/palafito1326.com\/pt-br\/la-terraza-cafe-lounge-bar-castro\/","og_locale":"pt_BR","og_type":"article","og_title":"La Terraza | Cafe Lounge Bar - Palafito 1326","og_description":"Um Caf\u00e9 nos Pitorescos Palafitos de Castro, Chilo\u00e9 O Caf\u00e9 Lounge Bar \u201cLa Terraza\u201d tem uma localiza\u00e7\u00e3o excepcional dentro do Palafito 1326 Boutique Hotel, orgulhamo-nos de criar um ambiente descontra\u00eddo, informal, mas sofisticado e requintado. Quer venha para ficar, ou simplesmente se sinta atra\u00eddo pelos pitorescos Palafitos de Castro, te convidamos a relaxar nas mesas &hellip; Continue reading \"La Terraza | Cafe Lounge Bar\"","og_url":"https:\/\/palafito1326.com\/pt-br\/la-terraza-cafe-lounge-bar-castro\/","og_site_name":"Palafito 1326","article_modified_time":"2021-03-11T19:47:43+00:00","og_image":[{"width":1440,"height":608,"url":"https:\/\/palafito1326.com\/wp-content\/uploads\/2020\/10\/laterraza.jpg","type":"image\/jpeg"}],"twitter_card":"summary_large_image","twitter_misc":{"Est. tempo de leitura":"4 minutos"},"schema":{"@context":"https:\/\/schema.org","@graph":[{"@type":"WebPage","@id":"https:\/\/palafito1326.com\/pt-br\/la-terraza-cafe-lounge-bar-castro\/","url":"https:\/\/palafito1326.com\/pt-br\/la-terraza-cafe-lounge-bar-castro\/","name":"La Terraza | Cafe Lounge Bar - Palafito 1326","isPartOf":{"@id":"https:\/\/palafito1326.com\/pt-br\/#website"},"primaryImageOfPage":{"@id":"https:\/\/palafito1326.com\/pt-br\/la-terraza-cafe-lounge-bar-castro\/#primaryimage"},"image":{"@id":"https:\/\/palafito1326.com\/pt-br\/la-terraza-cafe-lounge-bar-castro\/#primaryimage"},"thumbnailUrl":"https:\/\/palafito1326.com\/wp-content\/uploads\/2020\/10\/laterraza.jpg","datePublished":"2020-10-27T21:21:30+00:00","dateModified":"2021-03-11T19:47:43+00:00","breadcrumb":{"@id":"https:\/\/palafito1326.com\/pt-br\/la-terraza-cafe-lounge-bar-castro\/#breadcrumb"},"inLanguage":"pt-BR","potentialAction":[{"@type":"ReadAction","target":["https:\/\/palafito1326.com\/pt-br\/la-terraza-cafe-lounge-bar-castro\/"]}]},{"@type":"ImageObject","inLanguage":"pt-BR","@id":"https:\/\/palafito1326.com\/pt-br\/la-terraza-cafe-lounge-bar-castro\/#primaryimage","url":"https:\/\/palafito1326.com\/wp-content\/uploads\/2020\/10\/laterraza.jpg","contentUrl":"https:\/\/palafito1326.com\/wp-content\/uploads\/2020\/10\/laterraza.jpg","width":1440,"height":608},{"@type":"BreadcrumbList","@id":"https:\/\/palafito1326.com\/pt-br\/la-terraza-cafe-lounge-bar-castro\/#breadcrumb","itemListElement":[{"@type":"ListItem","position":1,"name":"Portada","item":"https:\/\/palafito1326.com\/pt-br\/"},{"@type":"ListItem","position":2,"name":"La Terraza | Cafe Lounge Bar"}]},{"@type":"WebSite","@id":"https:\/\/palafito1326.com\/pt-br\/#website","url":"https:\/\/palafito1326.com\/pt-br\/","name":"Palafito 1326","description":"Boutique Hotel","publisher":{"@id":"https:\/\/palafito1326.com\/pt-br\/#organization"},"potentialAction":[{"@type":"SearchAction","target":{"@type":"EntryPoint","urlTemplate":"https:\/\/palafito1326.com\/pt-br\/?s={search_term_string}"},"query-input":{"@type":"PropertyValueSpecification","valueRequired":true,"valueName":"search_term_string"}}],"inLanguage":"pt-BR"},{"@type":"Organization","@id":"https:\/\/palafito1326.com\/pt-br\/#organization","name":"Palafito 1326 Hotel Boutique","url":"https:\/\/palafito1326.com\/pt-br\/","logo":{"@type":"ImageObject","inLanguage":"pt-BR","@id":"https:\/\/palafito1326.com\/pt-br\/#\/schema\/logo\/image\/","url":"https:\/\/palafito1326.com\/wp-content\/uploads\/2020\/10\/Palafito-1326-c.svg","contentUrl":"https:\/\/palafito1326.com\/wp-content\/uploads\/2020\/10\/Palafito-1326-c.svg","width":202,"height":48,"caption":"Palafito 1326 Hotel Boutique"},"image":{"@id":"https:\/\/palafito1326.com\/pt-br\/#\/schema\/logo\/image\/"}}]}},"_links":{"self":[{"href":"https:\/\/palafito1326.com\/pt-br\/wp-json\/wp\/v2\/pages\/1414","targetHints":{"allow":["GET"]}}],"collection":[{"href":"https:\/\/palafito1326.com\/pt-br\/wp-json\/wp\/v2\/pages"}],"about":[{"href":"https:\/\/palafito1326.com\/pt-br\/wp-json\/wp\/v2\/types\/page"}],"author":[{"embeddable":true,"href":"https:\/\/palafito1326.com\/pt-br\/wp-json\/wp\/v2\/users\/1"}],"replies":[{"embeddable":true,"href":"https:\/\/palafito1326.com\/pt-br\/wp-json\/wp\/v2\/comments?post=1414"}],"version-history":[{"count":3297,"href":"https:\/\/palafito1326.com\/pt-br\/wp-json\/wp\/v2\/pages\/1414\/revisions"}],"predecessor-version":[{"id":150428,"href":"https:\/\/palafito1326.com\/pt-br\/wp-json\/wp\/v2\/pages\/1414\/revisions\/150428"}],"wp:featuredmedia":[{"embeddable":true,"href":"https:\/\/palafito1326.com\/pt-br\/wp-json\/wp\/v2\/media\/528"}],"wp:attachment":[{"href":"https:\/\/palafito1326.com\/pt-br\/wp-json\/wp\/v2\/media?parent=1414"}],"curies":[{"name":"wp","href":"https:\/\/api.w.org\/{rel}","templated":true}]}}